{"id":52447,"date":"2023-02-14T11:00:47","date_gmt":"2023-02-14T11:00:47","guid":{"rendered":"https:\/\/vacanzeinbaita.paissangroup.com\/aree-turistiche\/"},"modified":"2024-02-05T11:11:35","modified_gmt":"2024-02-05T11:11:35","slug":"touristische-gebiete","status":"publish","type":"page","link":"https:\/\/vacanzeinbaita.paissangroup.com\/de\/touristische-gebiete\/","title":{"rendered":"Touristische Gebiete"},"content":{"rendered":"\t\t<div data-elementor-type=\"wp-post\" data-elementor-id=\"52447\" class=\"elementor elementor-52447\">\n\t\t\t\t\t\t\t\t\t<section class=\"elementor-section elementor-top-section elementor-element elementor-element-d456860 elementor-section-boxed elementor-section-height-default elementor-section-height-default\" data-id=\"d456860\" data-element_type=\"section\">\n\t\t\t\t\t\t<div class=\"elementor-container elementor-column-gap-default\">\n\t\t\t\t\t<div class=\"elementor-column elementor-col-100 elementor-top-column elementor-element elementor-element-7924eff8\" data-id=\"7924eff8\" data-element_type=\"column\">\n\t\t\t<div class=\"elementor-widget-wrap elementor-element-populated\">\n\t\t\t\t\t\t\t\t<div class=\"elementor-element elementor-element-110ec550 elementor-widget elementor-widget-heading\" data-id=\"110ec550\" data-element_type=\"widget\" data-widget_type=\"heading.default\">\n\t\t\t\t<div class=\"elementor-widget-container\">\n\t\t\t<style>\/*! elementor - v3.18.0 - 08-12-2023 *\/\n.elementor-heading-title{padding:0;margin:0;line-height:1}.elementor-widget-heading .elementor-heading-title[class*=elementor-size-]>a{color:inherit;font-size:inherit;line-height:inherit}.elementor-widget-heading .elementor-heading-title.elementor-size-small{font-size:15px}.elementor-widget-heading .elementor-heading-title.elementor-size-medium{font-size:19px}.elementor-widget-heading .elementor-heading-title.elementor-size-large{font-size:29px}.elementor-widget-heading .elementor-heading-title.elementor-size-xl{font-size:39px}.elementor-widget-heading .elementor-heading-title.elementor-size-xxl{font-size:59px}<\/style><p class=\"elementor-heading-title elementor-size-default\">Vacanze in Baita<\/p>\t\t<\/div>\n\t\t\t\t<\/div>\n\t\t\t\t<div class=\"elementor-element elementor-element-6612b25 elementor-widget elementor-widget-text-editor\" data-id=\"6612b25\" data-element_type=\"widget\" data-widget_type=\"text-editor.default\">\n\t\t\t\t<div class=\"elementor-widget-container\">\n\t\t\t<style>\/*! elementor - v3.18.0 - 08-12-2023 *\/\n.elementor-widget-text-editor.elementor-drop-cap-view-stacked .elementor-drop-cap{background-color:#69727d;color:#fff}.elementor-widget-text-editor.elementor-drop-cap-view-framed .elementor-drop-cap{color:#69727d;border:3px solid;background-color:transparent}.elementor-widget-text-editor:not(.elementor-drop-cap-view-default) .elementor-drop-cap{margin-top:8px}.elementor-widget-text-editor:not(.elementor-drop-cap-view-default) .elementor-drop-cap-letter{width:1em;height:1em}.elementor-widget-text-editor .elementor-drop-cap{float:left;text-align:center;line-height:1;font-size:50px}.elementor-widget-text-editor .elementor-drop-cap-letter{display:inline-block}<\/style>\t\t\t\tErleben Sie das fantastische Erlebnis eines Urlaubs in einer H\u00fctte mitten im Wald zwischen den fantastischen Dolomitengipfeln des Trentino und genie\u00dfen Sie das Gef\u00fchl eines Urlaubs im Kontakt mit der unber\u00fchrten Natur: Trekking in den Bergen, Spazierg\u00e4nge im Wald, Ausfl\u00fcge mit dem Mountainbike, \u2026 auch Wintersport, Besuche malerischer mittelalterlicher Burgen oder die Entdeckung der Festungen aus dem Ersten Weltkrieg.\t\t\t\t\t\t<\/div>\n\t\t\t\t<\/div>\n\t\t\t\t\t<\/div>\n\t\t<\/div>\n\t\t\t\t\t\t\t<\/div>\n\t\t<\/section>\n\t\t\t\t<section class=\"elementor-section elementor-top-section elementor-element elementor-element-2c09745 elementor-section-stretched elementor-section-boxed elementor-section-height-default elementor-section-height-default\" data-id=\"2c09745\" data-element_type=\"section\" data-settings=\"{&quot;stretch_section&quot;:&quot;section-stretched&quot;,&quot;background_background&quot;:&quot;classic&quot;}\">\n\t\t\t\t\t\t<div class=\"elementor-container elementor-column-gap-default\">\n\t\t\t\t\t<div class=\"elementor-column elementor-col-100 elementor-top-column elementor-element elementor-element-bdba46f\" data-id=\"bdba46f\" data-element_type=\"column\">\n\t\t\t<div class=\"elementor-widget-wrap elementor-element-populated\">\n\t\t\t\t\t\t\t\t<div class=\"elementor-element elementor-element-f6cf993 elementor-widget elementor-widget-heading\" data-id=\"f6cf993\" data-element_type=\"widget\" data-widget_type=\"heading.default\">\n\t\t\t\t<div class=\"elementor-widget-container\">\n\t\t\t<p class=\"elementor-heading-title elementor-size-default\">W\u00e4hlen Sie Ihr Urlaubsgebiet\nunter 7 fantastischen T\u00e4lern des Trentino<\/p>\t\t<\/div>\n\t\t\t\t<\/div>\n\t\t\t\t<section class=\"elementor-section elementor-inner-section elementor-element elementor-element-88423e2 elementor-section-boxed elementor-section-height-default elementor-section-height-default\" data-id=\"88423e2\" data-element_type=\"section\">\n\t\t\t\t\t\t<div class=\"elementor-container elementor-column-gap-default\">\n\t\t\t\t\t<div class=\"elementor-column elementor-col-100 elementor-inner-column elementor-element elementor-element-9179045\" data-id=\"9179045\" data-element_type=\"column\">\n\t\t\t<div class=\"elementor-widget-wrap elementor-element-populated\">\n\t\t\t\t\t\t\t\t<div class=\"elementor-element elementor-element-93a6671 elementor-cta--layout-image-left elementor-cta--valign-middle e-transform e-transform elementor-cta--mobile-layout-image-above elementor-cta--skin-classic elementor-animated-content elementor-widget elementor-widget-call-to-action\" data-id=\"93a6671\" data-element_type=\"widget\" data-settings=\"{&quot;_animation&quot;:&quot;none&quot;,&quot;_transform_translateX_effect&quot;:{&quot;unit&quot;:&quot;px&quot;,&quot;size&quot;:&quot;&quot;,&quot;sizes&quot;:[]},&quot;_transform_translateX_effect_tablet&quot;:{&quot;unit&quot;:&quot;px&quot;,&quot;size&quot;:&quot;&quot;,&quot;sizes&quot;:[]},&quot;_transform_translateX_effect_mobile&quot;:{&quot;unit&quot;:&quot;px&quot;,&quot;size&quot;:&quot;&quot;,&quot;sizes&quot;:[]},&quot;_transform_translateY_effect&quot;:{&quot;unit&quot;:&quot;px&quot;,&quot;size&quot;:&quot;&quot;,&quot;sizes&quot;:[]},&quot;_transform_translateY_effect_tablet&quot;:{&quot;unit&quot;:&quot;px&quot;,&quot;size&quot;:&quot;&quot;,&quot;sizes&quot;:[]},&quot;_transform_translateY_effect_mobile&quot;:{&quot;unit&quot;:&quot;px&quot;,&quot;size&quot;:&quot;&quot;,&quot;sizes&quot;:[]},&quot;_transform_scale_effect&quot;:{&quot;unit&quot;:&quot;px&quot;,&quot;size&quot;:&quot;&quot;,&quot;sizes&quot;:[]},&quot;_transform_scale_effect_tablet&quot;:{&quot;unit&quot;:&quot;px&quot;,&quot;size&quot;:&quot;&quot;,&quot;sizes&quot;:[]},&quot;_transform_scale_effect_mobile&quot;:{&quot;unit&quot;:&quot;px&quot;,&quot;size&quot;:&quot;&quot;,&quot;sizes&quot;:[]}}\" data-widget_type=\"call-to-action.default\">\n\t\t\t\t<div class=\"elementor-widget-container\">\n\t\t\t<link rel=\"stylesheet\" href=\"https:\/\/vacanzeinbaita.paissangroup.com\/wp-content\/plugins\/elementor-pro\/assets\/css\/widget-call-to-action.min.css\">\t\t<div class=\"elementor-cta\">\n\t\t\t\t\t<div class=\"elementor-cta__bg-wrapper\">\n\t\t\t\t<div class=\"elementor-cta__bg elementor-bg\" style=\"background-image: url(https:\/\/vacanzeinbaita.paissangroup.com\/wp-content\/uploads\/elementor\/thumbs\/valle-dei-mocheni-q1ex001ukdqcel1l02zoi5qww5px3h83oq1zt8j4u8.jpg);\"><\/div>\n\t\t\t\t<div class=\"elementor-cta__bg-overlay\"><\/div>\n\t\t\t<\/div>\n\t\t\t\t\t\t\t<div class=\"elementor-cta__content\">\n\t\t\t\t\n\t\t\t\t<h2 class=\"elementor-cta__title elementor-cta__content-item elementor-content-item\">Valle dei Mocheni e Pin\u00e8<\/h2>\n\t\t\t\t\t\t\t\t\t<div class=\"elementor-cta__description elementor-cta__content-item elementor-content-item\">\n\t\t\t\t\t\t<p style=\"text-align:justify; line-height:22px; \">Die Umgebung der Gegend ist <b>suggestiv und wild<\/b>, mit gr\u00fcnen Wiesen und \u00fcppigen W\u00e4ldern, umgeben von folkloristischen und gastronomischen Traditionen, die einzigartig in dieser Gegend sind das ist seine Art. Die Mocheni-D\u00f6rfer liegen verstreut auf beiden Seiten des Mocheni\/Bernstol-Tals, am rechten Ufer des Flusses Fersina und am linken Ufer.<span style=\"font-family: var( --e-global-typography-text -font-family ), Sans-serif; Font-weight: var( --e-global-typography-text-font-weight ); text-align: left;\"><\/span><\/p>\t\t\t\t\t<\/div>\n\t\t\t\t\n\t\t\t\t\t\t\t\t\t<div class=\"elementor-cta__button-wrapper elementor-cta__content-item elementor-content-item \">\n\t\t\t\t\t<a class=\"elementor-cta__button elementor-button elementor-size-xs\" href=\"https:\/\/www.vacanzeinbaita.com\/valle-dei-mocheni\/\">\n\t\t\t\t\t\tsiehe H\u00fctten\t\t\t\t\t<\/a>\n\t\t\t\t\t<\/div>\n\t\t\t\t\t\t\t<\/div>\n\t\t\t\t\t\t\t<div class=\"elementor-ribbon elementor-ribbon-left\">\n\t\t\t\t<div class=\"elementor-ribbon-inner\">22 H\u00fctten<\/div>\n\t\t\t<\/div>\n\t\t\t\t<\/div>\n\t\t\t\t<\/div>\n\t\t\t\t<\/div>\n\t\t\t\t\t<\/div>\n\t\t<\/div>\n\t\t\t\t\t\t\t<\/div>\n\t\t<\/section>\n\t\t\t\t<section class=\"elementor-section elementor-inner-section elementor-element elementor-element-5866f65 elementor-section-boxed elementor-section-height-default elementor-section-height-default\" data-id=\"5866f65\" data-element_type=\"section\">\n\t\t\t\t\t\t<div class=\"elementor-container elementor-column-gap-default\">\n\t\t\t\t\t<div class=\"elementor-column elementor-col-100 elementor-inner-column elementor-element elementor-element-2770f35\" data-id=\"2770f35\" data-element_type=\"column\">\n\t\t\t<div class=\"elementor-widget-wrap elementor-element-populated\">\n\t\t\t\t\t\t\t\t<div class=\"elementor-element elementor-element-dbbb034 elementor-cta--layout-image-right elementor-cta--valign-middle elementor-cta--mobile-layout-image-above elementor-cta--skin-classic elementor-animated-content elementor-widget elementor-widget-call-to-action\" data-id=\"dbbb034\" data-element_type=\"widget\" data-settings=\"{&quot;_animation&quot;:&quot;none&quot;}\" data-widget_type=\"call-to-action.default\">\n\t\t\t\t<div class=\"elementor-widget-container\">\n\t\t\t\t\t<div class=\"elementor-cta\">\n\t\t\t\t\t<div class=\"elementor-cta__bg-wrapper\">\n\t\t\t\t<div class=\"elementor-cta__bg elementor-bg\" style=\"background-image: url(https:\/\/vacanzeinbaita.paissangroup.com\/wp-content\/uploads\/elementor\/thumbs\/valsugana_1600px-q1ex01xiy1sx1syup3sxn59u2xgnivfkczcyrsgchs.jpg);\"><\/div>\n\t\t\t\t<div class=\"elementor-cta__bg-overlay\"><\/div>\n\t\t\t<\/div>\n\t\t\t\t\t\t\t<div class=\"elementor-cta__content\">\n\t\t\t\t\n\t\t\t\t<h2 class=\"elementor-cta__title elementor-cta__content-item elementor-content-item\">Valsugana e Lagorai<\/h2>\n\t\t\t\t\t\t\t\t\t<div class=\"elementor-cta__description elementor-cta__content-item elementor-content-item\">\n\t\t\t\t\t\t<p style=\"text-align:justify; line-height:22px; \">Reich an W\u00e4ldern, Feldfr\u00fcchten und <b>Spiegeln aus klarem Wasser<\/b> (wie der Levico-See und der Caldonazzo-See) bietet Valsugana auch die <b>Lagorai-Berggruppe<\/b> (eine Welt voller wilder Natur, die bereit ist, sich zu zeigen), <b>das Vigolana-Plateau<\/b> und die <b>Conca del Tesino<\/b> b> zum undurchdringlichen <b>Mocheni Valley.<\/b> <span style=\"font-family: var( --e-global-typography-text-font-family ), Sans-serif; Font-weight: var( - -e-global-typography-text-font-weight ); text-align: left;\"><\/span><\/p>\t\t\t\t\t<\/div>\n\t\t\t\t\n\t\t\t\t\t\t\t\t\t<div class=\"elementor-cta__button-wrapper elementor-cta__content-item elementor-content-item \">\n\t\t\t\t\t<a class=\"elementor-cta__button elementor-button elementor-size-xs\" href=\"https:\/\/www.vacanzeinbaita.com\/valsugana-e-lagorai\" target=\"_blank\">\n\t\t\t\t\t\tsiehe H\u00fctten\t\t\t\t\t<\/a>\n\t\t\t\t\t<\/div>\n\t\t\t\t\t\t\t<\/div>\n\t\t\t\t\t\t\t<div class=\"elementor-ribbon elementor-ribbon-right\">\n\t\t\t\t<div class=\"elementor-ribbon-inner\">45 H\u00fctten<\/div>\n\t\t\t<\/div>\n\t\t\t\t<\/div>\n\t\t\t\t<\/div>\n\t\t\t\t<\/div>\n\t\t\t\t\t<\/div>\n\t\t<\/div>\n\t\t\t\t\t\t\t<\/div>\n\t\t<\/section>\n\t\t\t\t<section class=\"elementor-section elementor-inner-section elementor-element elementor-element-b97505b elementor-section-boxed elementor-section-height-default elementor-section-height-default\" data-id=\"b97505b\" data-element_type=\"section\">\n\t\t\t\t\t\t<div class=\"elementor-container elementor-column-gap-default\">\n\t\t\t\t\t<div class=\"elementor-column elementor-col-100 elementor-inner-column elementor-element elementor-element-9078481\" data-id=\"9078481\" data-element_type=\"column\">\n\t\t\t<div class=\"elementor-widget-wrap elementor-element-populated\">\n\t\t\t\t\t\t\t\t<div class=\"elementor-element elementor-element-30f4f9f elementor-widget elementor-widget-WpRentals_Accordions\" data-id=\"30f4f9f\" data-element_type=\"widget\" data-widget_type=\"WpRentals_Accordions.default\">\n\t\t\t\t<div class=\"elementor-widget-container\">\n\t\t\t\n                    <div class=\"wpestate-elementor-nav-accordions\">\n\n\t\t\t\t                                        <div class=\"panel-group panel-wrapper property-panel\" id=\"master_8b798a9\">\n                                            <div class=\"panel panel-default\">\n                                                <div class=\"panel-heading\">\n                                                    <a data-toggle=\"collapse\" class=\"collapsed\" data-parent=\"#master_8b798a9\" href=\"#8b798a9\">\n                                                        <h4 class=\"panel-title\">\n                                                            + info\n                                                        <\/h4>\n\n                                                     <\/a>\n                                                <\/div>\n                                                <div id=\"8b798a9\" class=\"panel-collapse collapse  wprentals_acc_fix \">\n                                                  <div class=\"panel-body\">\n                                                        <p style=\"text-align: justify; line-height: 22px;\">Reich an W\u00e4ldern, Feldfr\u00fcchten und <b>Spiegeln aus klarem Wasser<\/b> (wie der Levico-See und der Caldonazzo-See) bietet Valsugana auch die <b>Lagorai-Berggruppe<\/b> (eine Welt voller wilder Natur, die bereit ist, sich zu zeigen), <b>das Vigolana-Plateau<\/b> und die <b>Conca del Tesino<\/b> b&gt; zum undurchdringlichen <b>Mocheni-Tal.<\/b>\n<b>F\u00fcr diejenigen, die Outdoor-Aktivit\u00e4ten und Sport lieben, vom Trekking bis zum Wandern, vom Klettern bis zum Mountainbiken<\/b>, pr\u00e4sentiert sich Valsugana als nat\u00fcrliches Fitnessstudio mit einem ausgedehnten Netz von Wegen und Schutzh\u00fctten in gro\u00dfer H\u00f6he, dem Talboden Radweg, Trentino-Pferdeweg, Nordic Walking.\n<b>Am Caldonazzosee<\/b> k\u00f6nnen Sie Wassersport betreiben: Kanufahren, Drachenbootfahren und sogar Wasserski.\nWohlbefinden ist durch die <b>Spa-Zentren<\/b> garantiert. Levico Terme ist seit dem 19. Jahrhundert ein renommierter Kurort, ein Ziel des mitteleurop\u00e4ischen Tourismus und mit Hotels, die mit modernen Wellnessbereichen ausgestattet sind. Auf dem Berg dar\u00fcber entspringen die Wasserquellen mit heilender Wirkung, die im Palazzo delle Terme di Vetriolo genutzt werden. Roncegno Terme ist heute ein Zentrum, das haupts\u00e4chlich auf nat\u00fcrliche Therapien ausgerichtet ist.\nBei einem Aufenthalt im Valsugana k\u00f6nnen Sie <b>alte D\u00f6rfer und Kirchen, H\u00e4user und Pal\u00e4ste besichtigen, die den Charme der Belle Epoque <\/b>bewahrt haben, aber auch Museen beherbergen, die von den dort lebenden Pers\u00f6nlichkeiten zeugen, Arte Sella, die eindrucksvolle Ausstellung von Werken der \u201enat\u00fcrlichen\u201c Kunst in den W\u00e4ldern des Val di Sella.\nDank der f\u00fcr sie und ihre Familien vorbereiteten Programme stehen den <b>Kindern<\/b> zahlreiche Spiel- und Unterhaltungsm\u00f6glichkeiten zur Verf\u00fcgung.\n<b>Im Winter<\/b> sind die Hauptattraktionen die Weihnachtsm\u00e4rkte von Levico Terme und Pergine sowie die Skilifte von Passo Brocon. Weitere Aktivit\u00e4ten finden Sie vor Ort mit Informationen in den Tourismusb\u00fcros.<\/b><\/p>\n                                                  <\/div>\n                                                <\/div>\n                                            <\/div>\n                                        <\/div>\n\n\n\n\n\n\n\n\n\t\t\t\t\n                    <\/div>\n\n\n\n\n\t\t\t\t<\/div>\n\t\t\t\t<\/div>\n\t\t\t\t\t<\/div>\n\t\t<\/div>\n\t\t\t\t\t\t\t<\/div>\n\t\t<\/section>\n\t\t\t\t<section class=\"elementor-section elementor-inner-section elementor-element elementor-element-7cec771 elementor-section-boxed elementor-section-height-default elementor-section-height-default\" data-id=\"7cec771\" data-element_type=\"section\">\n\t\t\t\t\t\t<div class=\"elementor-container elementor-column-gap-default\">\n\t\t\t\t\t<div class=\"elementor-column elementor-col-100 elementor-inner-column elementor-element elementor-element-a4e3423\" data-id=\"a4e3423\" data-element_type=\"column\">\n\t\t\t<div class=\"elementor-widget-wrap elementor-element-populated\">\n\t\t\t\t\t\t\t\t<div class=\"elementor-element elementor-element-30a6abd elementor-cta--layout-image-left elementor-cta--valign-middle e-transform e-transform elementor-cta--mobile-layout-image-above elementor-cta--skin-classic elementor-animated-content elementor-bg-transform elementor-bg-transform-zoom-in elementor-widget elementor-widget-call-to-action\" data-id=\"30a6abd\" data-element_type=\"widget\" data-settings=\"{&quot;_animation&quot;:&quot;none&quot;,&quot;_transform_translateX_effect&quot;:{&quot;unit&quot;:&quot;px&quot;,&quot;size&quot;:&quot;&quot;,&quot;sizes&quot;:[]},&quot;_transform_translateX_effect_tablet&quot;:{&quot;unit&quot;:&quot;px&quot;,&quot;size&quot;:&quot;&quot;,&quot;sizes&quot;:[]},&quot;_transform_translateX_effect_mobile&quot;:{&quot;unit&quot;:&quot;px&quot;,&quot;size&quot;:&quot;&quot;,&quot;sizes&quot;:[]},&quot;_transform_translateY_effect&quot;:{&quot;unit&quot;:&quot;px&quot;,&quot;size&quot;:&quot;&quot;,&quot;sizes&quot;:[]},&quot;_transform_translateY_effect_tablet&quot;:{&quot;unit&quot;:&quot;px&quot;,&quot;size&quot;:&quot;&quot;,&quot;sizes&quot;:[]},&quot;_transform_translateY_effect_mobile&quot;:{&quot;unit&quot;:&quot;px&quot;,&quot;size&quot;:&quot;&quot;,&quot;sizes&quot;:[]},&quot;_transform_scale_effect&quot;:{&quot;unit&quot;:&quot;px&quot;,&quot;size&quot;:&quot;&quot;,&quot;sizes&quot;:[]},&quot;_transform_scale_effect_tablet&quot;:{&quot;unit&quot;:&quot;px&quot;,&quot;size&quot;:&quot;&quot;,&quot;sizes&quot;:[]},&quot;_transform_scale_effect_mobile&quot;:{&quot;unit&quot;:&quot;px&quot;,&quot;size&quot;:&quot;&quot;,&quot;sizes&quot;:[]}}\" data-widget_type=\"call-to-action.default\">\n\t\t\t\t<div class=\"elementor-widget-container\">\n\t\t\t\t\t<div class=\"elementor-cta\">\n\t\t\t\t\t<div class=\"elementor-cta__bg-wrapper\">\n\t\t\t\t<div class=\"elementor-cta__bg elementor-bg\" style=\"background-image: url(https:\/\/vacanzeinbaita.paissangroup.com\/wp-content\/uploads\/elementor\/thumbs\/vigolana-levico-q1ex01xiy1sx1syup3sxn59u2xgnivfkczcyrsgchs.jpg);\"><\/div>\n\t\t\t\t<div class=\"elementor-cta__bg-overlay\"><\/div>\n\t\t\t<\/div>\n\t\t\t\t\t\t\t<div class=\"elementor-cta__content\">\n\t\t\t\t\n\t\t\t\t<h2 class=\"elementor-cta__title elementor-cta__content-item elementor-content-item\">Vigolana - Levico Terme<\/h2>\n\t\t\t\t\t\t\t\t\t<div class=\"elementor-cta__description elementor-cta__content-item elementor-content-item\">\n\t\t\t\t\t\t<p style=\"text-align:justify; line-height:22px; \">Das Wasser der Vigolana entspringt an der Kreuzung ihrer Berge, eine diskrete Pr\u00e4senz, die dem eiligen Besucher entgeht, aber mit dem neugierigen Auge entdeckt werden kann der Reisende. Hoch oben, an den H\u00e4ngen des Marzola und in den T\u00e4lern von Vigolana, dringt das Wasser des Regens oder der Schneeschmelze tief in die Falten der Kalk- und Dolomitfelsen ein.<\/p>\t\t\t\t\t<\/div>\n\t\t\t\t\n\t\t\t\t\t\t\t\t\t<div class=\"elementor-cta__button-wrapper elementor-cta__content-item elementor-content-item \">\n\t\t\t\t\t<a class=\"elementor-cta__button elementor-button elementor-size-xs\" href=\"https:\/\/www.vacanzeinbaita.com\/vigolana-e-levico-terme\">\n\t\t\t\t\t\tsiehe H\u00fctten\t\t\t\t\t<\/a>\n\t\t\t\t\t<\/div>\n\t\t\t\t\t\t\t<\/div>\n\t\t\t\t\t\t\t<div class=\"elementor-ribbon elementor-ribbon-left\">\n\t\t\t\t<div class=\"elementor-ribbon-inner\">6 H\u00fctten<\/div>\n\t\t\t<\/div>\n\t\t\t\t<\/div>\n\t\t\t\t<\/div>\n\t\t\t\t<\/div>\n\t\t\t\t\t<\/div>\n\t\t<\/div>\n\t\t\t\t\t\t\t<\/div>\n\t\t<\/section>\n\t\t\t\t<section class=\"elementor-section elementor-inner-section elementor-element elementor-element-fa777a5 elementor-section-boxed elementor-section-height-default elementor-section-height-default\" data-id=\"fa777a5\" data-element_type=\"section\">\n\t\t\t\t\t\t<div class=\"elementor-container elementor-column-gap-default\">\n\t\t\t\t\t<div class=\"elementor-column elementor-col-100 elementor-inner-column elementor-element elementor-element-0484bdf\" data-id=\"0484bdf\" data-element_type=\"column\">\n\t\t\t<div class=\"elementor-widget-wrap elementor-element-populated\">\n\t\t\t\t\t\t\t\t<div class=\"elementor-element elementor-element-107b49d elementor-widget elementor-widget-WpRentals_Accordions\" data-id=\"107b49d\" data-element_type=\"widget\" data-widget_type=\"WpRentals_Accordions.default\">\n\t\t\t\t<div class=\"elementor-widget-container\">\n\t\t\t\n                    <div class=\"wpestate-elementor-nav-accordions\">\n\n\t\t\t\t                                        <div class=\"panel-group panel-wrapper property-panel\" id=\"master_52ef6f4\">\n                                            <div class=\"panel panel-default\">\n                                                <div class=\"panel-heading\">\n                                                    <a data-toggle=\"collapse\" class=\"collapsed\" data-parent=\"#master_52ef6f4\" href=\"#52ef6f4\">\n                                                        <h4 class=\"panel-title\">\n                                                            + Info\n                                                        <\/h4>\n\n                                                     <\/a>\n                                                <\/div>\n                                                <div id=\"52ef6f4\" class=\"panel-collapse collapse  wprentals_acc_fix \">\n                                                  <div class=\"panel-body\">\n                                                        <p style=\"text-align: justify; line-height: 22px;\">Die bezaubernde Landschaft der Vigolana-Hochebene, die zwischen den Vigolana-Massiven im S\u00fcden\/Westen und den Marzola-Massiven im Norden\/Westen liegt, wird durch gro\u00dfe Wiesen und W\u00e4lder repr\u00e4sentiert und ist ein nat\u00fcrlicher Balkon, von dem aus man Alpenpanoramen, T\u00e4ler und vieles mehr bewundern kann Caldonazzosee. Die W\u00e4lder sind reich an Pinien, Buchen, Tannen und L\u00e4rchen, und das Unterholz duftet nach Blumen \u2013 Alpenveilchen, Rhododendren, Maigl\u00f6ckchen und Orchideen \u2013 und im Herbst ist es reich an Steinpilzen und Kastanien.\n<strong>Im Sommer<\/strong> zeigt sich die Freundlichkeit und Gastfreundschaft der Menschen durch die zahlreichen Landfeste, Dorffeste, Konzerte und Veranstaltungen, die von den Freiwilligenvereinen angeboten werden.\n<strong>Im Winter<\/strong> wandern Sie mit Schneeschuhen durch den Schnee und warten auf die Ankunft von Weihnachten, das mit dem Aufstellen von B\u00e4umen, Krippen und charakteristischen M\u00e4rkten angek\u00fcndigt wird.\nEin herrliches Gebiet, in dem die Betreiber Sie mit Ausfl\u00fcgen und Spazierg\u00e4ngen zu den sch\u00f6nsten Ecken des Plateaus f\u00fchren und Sie bei all Ihren sportlichen Aktivit\u00e4ten unterst\u00fctzen.\n<strong>Die Vigolana-Hochebene bietet Natur, Sport, Kultur und Geschmack.<\/strong>\n<strong>Fitnessrouten:<\/strong> Ein Wegenetz erm\u00f6glicht Ihnen Mountainbiken, Reiten, Trekking und Nordic Walking.\n<strong>Wege der Sinne:<\/strong> An einer Reihe interaktiver Tische k\u00f6nnen Sie die Natur mit allen f\u00fcnf Sinnen genie\u00dfen.\n<strong>Wasserrouten:<\/strong> Geschichts- und Naturwanderungen entlang des Centa Torrent River Park.\n<strong>Wege der Geschichte und Kunst:<\/strong> Schloss Vigolo, die Festungen des Ersten Weltkriegs, die barocken Villen, die l\u00e4ndliche Architektur &#8230;\n<strong>Wege des Heiligen:<\/strong> das Heiligtum der Madonna del Feles und der Geburtsort von Santa Paolina.\n<strong>Geschmackspfade:<\/strong> viele echte Produkte in k\u00f6stliche Gerichte verwandelt.\nDas Vigolana-Plateau bietet zahlreiche <strong>&#8222;ERLEBNISSE<\/strong>, die Sie auf der folgenden Website finden k\u00f6nnen, einzigartige Momente, die Sie auf dem Plateau erleben k\u00f6nnen:\n\n<a href=\"https:\/\/www.alpecimbra.it\/it\/alpe-cimbra\/1-0.html\" target=\"_blank\" rel=\"noopener\"><span style=\"color: #ef7d00; text- dekoration: underline;\">Gehen Sie zur Website von &#8222;Alpe Cimbra&#8220;<\/span><\/a><\/p>\n                                                  <\/div>\n                                                <\/div>\n                                            <\/div>\n                                        <\/div>\n\n\n\n\n\n\n\n\n\t\t\t\t\n                    <\/div>\n\n\n\n\n\t\t\t\t<\/div>\n\t\t\t\t<\/div>\n\t\t\t\t\t<\/div>\n\t\t<\/div>\n\t\t\t\t\t\t\t<\/div>\n\t\t<\/section>\n\t\t\t\t<section class=\"elementor-section elementor-inner-section elementor-element elementor-element-0490a4c elementor-section-boxed elementor-section-height-default elementor-section-height-default\" data-id=\"0490a4c\" data-element_type=\"section\">\n\t\t\t\t\t\t<div class=\"elementor-container elementor-column-gap-default\">\n\t\t\t\t\t<div class=\"elementor-column elementor-col-100 elementor-inner-column elementor-element elementor-element-c8edda6\" data-id=\"c8edda6\" data-element_type=\"column\">\n\t\t\t<div class=\"elementor-widget-wrap elementor-element-populated\">\n\t\t\t\t\t\t\t\t<div class=\"elementor-element elementor-element-56ff713 elementor-cta--layout-image-right elementor-cta--valign-middle e-transform e-transform elementor-cta--mobile-layout-image-above elementor-cta--skin-classic elementor-animated-content elementor-bg-transform elementor-bg-transform-zoom-in elementor-widget elementor-widget-call-to-action\" data-id=\"56ff713\" data-element_type=\"widget\" data-settings=\"{&quot;_animation&quot;:&quot;none&quot;,&quot;_transform_translateX_effect&quot;:{&quot;unit&quot;:&quot;px&quot;,&quot;size&quot;:&quot;&quot;,&quot;sizes&quot;:[]},&quot;_transform_translateX_effect_tablet&quot;:{&quot;unit&quot;:&quot;px&quot;,&quot;size&quot;:&quot;&quot;,&quot;sizes&quot;:[]},&quot;_transform_translateX_effect_mobile&quot;:{&quot;unit&quot;:&quot;px&quot;,&quot;size&quot;:&quot;&quot;,&quot;sizes&quot;:[]},&quot;_transform_translateY_effect&quot;:{&quot;unit&quot;:&quot;px&quot;,&quot;size&quot;:&quot;&quot;,&quot;sizes&quot;:[]},&quot;_transform_translateY_effect_tablet&quot;:{&quot;unit&quot;:&quot;px&quot;,&quot;size&quot;:&quot;&quot;,&quot;sizes&quot;:[]},&quot;_transform_translateY_effect_mobile&quot;:{&quot;unit&quot;:&quot;px&quot;,&quot;size&quot;:&quot;&quot;,&quot;sizes&quot;:[]},&quot;_transform_scale_effect&quot;:{&quot;unit&quot;:&quot;px&quot;,&quot;size&quot;:&quot;&quot;,&quot;sizes&quot;:[]},&quot;_transform_scale_effect_tablet&quot;:{&quot;unit&quot;:&quot;px&quot;,&quot;size&quot;:&quot;&quot;,&quot;sizes&quot;:[]},&quot;_transform_scale_effect_mobile&quot;:{&quot;unit&quot;:&quot;px&quot;,&quot;size&quot;:&quot;&quot;,&quot;sizes&quot;:[]}}\" data-widget_type=\"call-to-action.default\">\n\t\t\t\t<div class=\"elementor-widget-container\">\n\t\t\t\t\t<div class=\"elementor-cta\">\n\t\t\t\t\t<div class=\"elementor-cta__bg-wrapper\">\n\t\t\t\t<div class=\"elementor-cta__bg elementor-bg\" style=\"background-image: url(https:\/\/vacanzeinbaita.paissangroup.com\/wp-content\/uploads\/elementor\/thumbs\/vanoi-q1ex05ovpdy2c8te35ffx4boggy4dnuhphywowarsw.jpg);\"><\/div>\n\t\t\t\t<div class=\"elementor-cta__bg-overlay\"><\/div>\n\t\t\t<\/div>\n\t\t\t\t\t\t\t<div class=\"elementor-cta__content\">\n\t\t\t\t\n\t\t\t\t<h2 class=\"elementor-cta__title elementor-cta__content-item elementor-content-item\">Valle del Tesino<\/h2>\n\t\t\t\t\t\t\t\t\t<div class=\"elementor-cta__description elementor-cta__content-item elementor-content-item\">\n\t\t\t\t\t\t<p style=\"text-align:justify; line-height:22px; \">Die gr\u00f6\u00dfte Waldfl\u00e4che im Trentino und der ideale Ausgangspunkt f\u00fcr Spazierg\u00e4nge und Trekking in unber\u00fchrter Natur. Die zahlreichen Bergh\u00fctten, die ber\u00fchmten H\u00f6hlen, der Park La Cascatella, das Celado-Plateau, der Trodo dei Fiori am Passo Brocon, eine naturalistische botanische Route bieten einen interessanten Urlaub im nat\u00fcrlichen Rhythmus.<\/p>\t\t\t\t\t<\/div>\n\t\t\t\t\n\t\t\t\t\t\t\t\t\t<div class=\"elementor-cta__button-wrapper elementor-cta__content-item elementor-content-item \">\n\t\t\t\t\t<a class=\"elementor-cta__button elementor-button elementor-size-xs\" href=\"https:\/\/www.vacanzeinbaita.com\/valle-del-tesino\">\n\t\t\t\t\t\tsiehe H\u00fctten\t\t\t\t\t<\/a>\n\t\t\t\t\t<\/div>\n\t\t\t\t\t\t\t<\/div>\n\t\t\t\t\t\t\t<div class=\"elementor-ribbon elementor-ribbon-right\">\n\t\t\t\t<div class=\"elementor-ribbon-inner\">17 H\u00fctten<\/div>\n\t\t\t<\/div>\n\t\t\t\t<\/div>\n\t\t\t\t<\/div>\n\t\t\t\t<\/div>\n\t\t\t\t\t<\/div>\n\t\t<\/div>\n\t\t\t\t\t\t\t<\/div>\n\t\t<\/section>\n\t\t\t\t<section class=\"elementor-section elementor-inner-section elementor-element elementor-element-84b3d71 elementor-section-boxed elementor-section-height-default elementor-section-height-default\" data-id=\"84b3d71\" data-element_type=\"section\">\n\t\t\t\t\t\t<div class=\"elementor-container elementor-column-gap-default\">\n\t\t\t\t\t<div class=\"elementor-column elementor-col-100 elementor-inner-column elementor-element elementor-element-a11740a\" data-id=\"a11740a\" data-element_type=\"column\">\n\t\t\t<div class=\"elementor-widget-wrap elementor-element-populated\">\n\t\t\t\t\t\t\t\t<div class=\"elementor-element elementor-element-2f495f9 elementor-cta--layout-image-left elementor-cta--valign-middle e-transform e-transform elementor-cta--mobile-layout-image-above elementor-cta--skin-classic elementor-animated-content elementor-bg-transform elementor-bg-transform-zoom-in elementor-widget elementor-widget-call-to-action\" data-id=\"2f495f9\" data-element_type=\"widget\" data-settings=\"{&quot;_animation&quot;:&quot;none&quot;,&quot;_transform_translateX_effect&quot;:{&quot;unit&quot;:&quot;px&quot;,&quot;size&quot;:&quot;&quot;,&quot;sizes&quot;:[]},&quot;_transform_translateX_effect_tablet&quot;:{&quot;unit&quot;:&quot;px&quot;,&quot;size&quot;:&quot;&quot;,&quot;sizes&quot;:[]},&quot;_transform_translateX_effect_mobile&quot;:{&quot;unit&quot;:&quot;px&quot;,&quot;size&quot;:&quot;&quot;,&quot;sizes&quot;:[]},&quot;_transform_translateY_effect&quot;:{&quot;unit&quot;:&quot;px&quot;,&quot;size&quot;:&quot;&quot;,&quot;sizes&quot;:[]},&quot;_transform_translateY_effect_tablet&quot;:{&quot;unit&quot;:&quot;px&quot;,&quot;size&quot;:&quot;&quot;,&quot;sizes&quot;:[]},&quot;_transform_translateY_effect_mobile&quot;:{&quot;unit&quot;:&quot;px&quot;,&quot;size&quot;:&quot;&quot;,&quot;sizes&quot;:[]},&quot;_transform_scale_effect&quot;:{&quot;unit&quot;:&quot;px&quot;,&quot;size&quot;:&quot;&quot;,&quot;sizes&quot;:[]},&quot;_transform_scale_effect_tablet&quot;:{&quot;unit&quot;:&quot;px&quot;,&quot;size&quot;:&quot;&quot;,&quot;sizes&quot;:[]},&quot;_transform_scale_effect_mobile&quot;:{&quot;unit&quot;:&quot;px&quot;,&quot;size&quot;:&quot;&quot;,&quot;sizes&quot;:[]}}\" data-widget_type=\"call-to-action.default\">\n\t\t\t\t<div class=\"elementor-widget-container\">\n\t\t\t\t\t<div class=\"elementor-cta\">\n\t\t\t\t\t<div class=\"elementor-cta__bg-wrapper\">\n\t\t\t\t<div class=\"elementor-cta__bg elementor-bg\" style=\"background-image: url(https:\/\/vacanzeinbaita.paissangroup.com\/wp-content\/uploads\/elementor\/thumbs\/primiero-q1ex03t7bpvhp0w4e4m6s4sr9p7dy9n118nxqcdk5c.jpg);\"><\/div>\n\t\t\t\t<div class=\"elementor-cta__bg-overlay\"><\/div>\n\t\t\t<\/div>\n\t\t\t\t\t\t\t<div class=\"elementor-cta__content\">\n\t\t\t\t\n\t\t\t\t<h2 class=\"elementor-cta__title elementor-cta__content-item elementor-content-item\">Valle del Vanoi e Primiero<\/h2>\n\t\t\t\t\t\t\t\t\t<div class=\"elementor-cta__description elementor-cta__content-item elementor-content-item\">\n\t\t\t\t\t\t<p style=\"text-align:justify; line-height:22px; \">Das Vanoi-Tal ist ein charakteristisches Gebiet, das sich \u00fcber ein riesiges Gebiet von etwa 125 Quadratkilometern erstreckt und gr\u00f6\u00dftenteils von wundersch\u00f6nen Nadelw\u00e4ldern bedeckt ist.\nLiegt im \u00f6stlichen Trentino und grenzt im Osten an das Primiero (Valle del Cism\u00f3n), im S\u00fcden an die Gemeinden Lamon und Sovramonte (BL), im Westen und S\u00fcdwesten an die Tesino-Hochebene und im Norden an das Val di Fiemme\nEs gibt mehr als hundert Gipfel, die \u00fcber 2.000 Meter hoch sind; Diese dominieren steile gr\u00fcne H\u00e4nge mit D\u00f6rfern, ausgedehnten Weiden, W\u00e4ldern, Seen, B\u00e4chen, Bergh\u00fctten und zahlreichen Bauernh\u00f6fen und H\u00fctten, die \u00fcber das gesamte Gebiet verstreut sind.\nCharakteristisch f\u00fcr das Tal sind die nat\u00fcrlichen Sch\u00f6nheiten, die die breite Porphyrkette von Lagorai und das Granitmassiv von Cima d'Asta bieten. Dieses gro\u00dfe Gebiet, das nat\u00fcrlich zum Naturpark erkl\u00e4rt wurde, ist noch intakt und hat nichts von seiner urspr\u00fcnglichen Urspr\u00fcnglichkeit eingeb\u00fc\u00dft.<\/p>\t\t\t\t\t<\/div>\n\t\t\t\t\n\t\t\t\t\t\t\t\t\t<div class=\"elementor-cta__button-wrapper elementor-cta__content-item elementor-content-item \">\n\t\t\t\t\t<a class=\"elementor-cta__button elementor-button elementor-size-xs\" href=\"https:\/\/www.vacanzeinbaita.com\/valle-del-vanoi-e-primiero\">\n\t\t\t\t\t\tsiehe H\u00fctten\t\t\t\t\t<\/a>\n\t\t\t\t\t<\/div>\n\t\t\t\t\t\t\t<\/div>\n\t\t\t\t\t\t\t<div class=\"elementor-ribbon elementor-ribbon-left\">\n\t\t\t\t<div class=\"elementor-ribbon-inner\">2 H\u00fctten<\/div>\n\t\t\t<\/div>\n\t\t\t\t<\/div>\n\t\t\t\t<\/div>\n\t\t\t\t<\/div>\n\t\t\t\t\t<\/div>\n\t\t<\/div>\n\t\t\t\t\t\t\t<\/div>\n\t\t<\/section>\n\t\t\t\t<section class=\"elementor-section elementor-inner-section elementor-element elementor-element-7231f30 elementor-section-boxed elementor-section-height-default elementor-section-height-default\" data-id=\"7231f30\" data-element_type=\"section\">\n\t\t\t\t\t\t<div class=\"elementor-container elementor-column-gap-default\">\n\t\t\t\t\t<div class=\"elementor-column elementor-col-100 elementor-inner-column elementor-element elementor-element-9988282\" data-id=\"9988282\" data-element_type=\"column\">\n\t\t\t<div class=\"elementor-widget-wrap elementor-element-populated\">\n\t\t\t\t\t\t\t\t<div class=\"elementor-element elementor-element-876896d elementor-cta--layout-image-right elementor-cta--valign-middle e-transform e-transform elementor-cta--mobile-layout-image-above elementor-cta--skin-classic elementor-animated-content elementor-bg-transform elementor-bg-transform-zoom-in elementor-widget elementor-widget-call-to-action\" data-id=\"876896d\" data-element_type=\"widget\" data-settings=\"{&quot;_animation&quot;:&quot;none&quot;,&quot;motion_fx_motion_fx_scrolling&quot;:&quot;yes&quot;,&quot;motion_fx_devices&quot;:[&quot;desktop&quot;,&quot;tablet&quot;,&quot;mobile&quot;],&quot;_transform_translateX_effect&quot;:{&quot;unit&quot;:&quot;px&quot;,&quot;size&quot;:&quot;&quot;,&quot;sizes&quot;:[]},&quot;_transform_translateX_effect_tablet&quot;:{&quot;unit&quot;:&quot;px&quot;,&quot;size&quot;:&quot;&quot;,&quot;sizes&quot;:[]},&quot;_transform_translateX_effect_mobile&quot;:{&quot;unit&quot;:&quot;px&quot;,&quot;size&quot;:&quot;&quot;,&quot;sizes&quot;:[]},&quot;_transform_translateY_effect&quot;:{&quot;unit&quot;:&quot;px&quot;,&quot;size&quot;:&quot;&quot;,&quot;sizes&quot;:[]},&quot;_transform_translateY_effect_tablet&quot;:{&quot;unit&quot;:&quot;px&quot;,&quot;size&quot;:&quot;&quot;,&quot;sizes&quot;:[]},&quot;_transform_translateY_effect_mobile&quot;:{&quot;unit&quot;:&quot;px&quot;,&quot;size&quot;:&quot;&quot;,&quot;sizes&quot;:[]},&quot;_transform_scale_effect&quot;:{&quot;unit&quot;:&quot;px&quot;,&quot;size&quot;:&quot;&quot;,&quot;sizes&quot;:[]},&quot;_transform_scale_effect_tablet&quot;:{&quot;unit&quot;:&quot;px&quot;,&quot;size&quot;:&quot;&quot;,&quot;sizes&quot;:[]},&quot;_transform_scale_effect_mobile&quot;:{&quot;unit&quot;:&quot;px&quot;,&quot;size&quot;:&quot;&quot;,&quot;sizes&quot;:[]}}\" data-widget_type=\"call-to-action.default\">\n\t\t\t\t<div class=\"elementor-widget-container\">\n\t\t\t\t\t<div class=\"elementor-cta\">\n\t\t\t\t\t<div class=\"elementor-cta__bg-wrapper\">\n\t\t\t\t<div class=\"elementor-cta__bg elementor-bg\" style=\"background-image: url(https:\/\/vacanzeinbaita.paissangroup.com\/wp-content\/uploads\/elementor\/thumbs\/val-di-sole-q1ex03t7bpvhp0w4e4m6s4sr9p7dy9n118nxqcdk5c.jpg);\"><\/div>\n\t\t\t\t<div class=\"elementor-cta__bg-overlay\"><\/div>\n\t\t\t<\/div>\n\t\t\t\t\t\t\t<div class=\"elementor-cta__content\">\n\t\t\t\t\n\t\t\t\t<h2 class=\"elementor-cta__title elementor-cta__content-item elementor-content-item\">Val di Sole e Val di Non<\/h2>\n\t\t\t\t\t\t\t\t\t<div class=\"elementor-cta__description elementor-cta__content-item elementor-content-item\">\n\t\t\t\t\t\t<p style=\"text-align:justify; line-height:22px; \">Val di Sole liegt im nordwestlichen Teil der Provinz, am Flusslauf des Noce. Das Tal ist von verschiedenen Alpengruppen umgeben: der Ortler-Cevedale-Gruppe, der Brenta-Gruppe und der Adamello-Presanella-Gruppe. Die Etymologie des Ortsnamens Sol geht vermutlich auf die keltische Wassergottheit Sulis zur\u00fcck, die die R\u00f6mer mit Minerva identifizierten. Dies w\u00fcrde durch die Existenz von Thermalwasserquellen im heutigen Tal, in Peio und Rabbi, untermauert.<\/p>\t\t\t\t\t<\/div>\n\t\t\t\t\n\t\t\t\t\t\t\t\t\t<div class=\"elementor-cta__button-wrapper elementor-cta__content-item elementor-content-item \">\n\t\t\t\t\t<a class=\"elementor-cta__button elementor-button elementor-size-xs\" href=\"https:\/\/www.vacanzeinbaita.com\/valle-di-sole-e-val-di-non\">\n\t\t\t\t\t\tsiehe H\u00fctten\t\t\t\t\t<\/a>\n\t\t\t\t\t<\/div>\n\t\t\t\t\t\t\t<\/div>\n\t\t\t\t\t\t\t<div class=\"elementor-ribbon elementor-ribbon-right\">\n\t\t\t\t<div class=\"elementor-ribbon-inner\">12 H\u00fctten<\/div>\n\t\t\t<\/div>\n\t\t\t\t<\/div>\n\t\t\t\t<\/div>\n\t\t\t\t<\/div>\n\t\t\t\t\t<\/div>\n\t\t<\/div>\n\t\t\t\t\t\t\t<\/div>\n\t\t<\/section>\n\t\t\t\t<section class=\"elementor-section elementor-inner-section elementor-element elementor-element-7a8a699 elementor-section-boxed elementor-section-height-default elementor-section-height-default\" data-id=\"7a8a699\" data-element_type=\"section\">\n\t\t\t\t\t\t<div class=\"elementor-container elementor-column-gap-default\">\n\t\t\t\t\t<div class=\"elementor-column elementor-col-100 elementor-inner-column elementor-element elementor-element-af69691\" data-id=\"af69691\" data-element_type=\"column\">\n\t\t\t<div class=\"elementor-widget-wrap elementor-element-populated\">\n\t\t\t\t\t\t\t\t<div class=\"elementor-element elementor-element-a5a0a9f elementor-widget elementor-widget-WpRentals_Accordions\" data-id=\"a5a0a9f\" data-element_type=\"widget\" data-widget_type=\"WpRentals_Accordions.default\">\n\t\t\t\t<div class=\"elementor-widget-container\">\n\t\t\t\n                    <div class=\"wpestate-elementor-nav-accordions\">\n\n\t\t\t\t                                        <div class=\"panel-group panel-wrapper property-panel\" id=\"master_f165a1b\">\n                                            <div class=\"panel panel-default\">\n                                                <div class=\"panel-heading\">\n                                                    <a data-toggle=\"collapse\" class=\"collapsed\" data-parent=\"#master_f165a1b\" href=\"#f165a1b\">\n                                                        <h4 class=\"panel-title\">\n                                                            + info\n                                                        <\/h4>\n\n                                                     <\/a>\n                                                <\/div>\n                                                <div id=\"f165a1b\" class=\"panel-collapse collapse  wprentals_acc_fix \">\n                                                  <div class=\"panel-body\">\n                                                        <strong>La Val di Peio,<\/strong> spesso erroneamente scritto Val di Pejo, \u00e8 una valle alpina del Trentino, laterale della Val di Sole. Ha un andamento nord-sud e la classica conformazione a &#8222;V&#8220; dovuta all&#8217;erosione fluviale, \u00e8 infatti percorsa dal torrente Noce. Tale fiume nasce dall&#8217;unione di due rami distinti che incontrandosi a Cogolo conferiscono alla valle un disegno a &#8222;Y&#8220;. Le biforcazioni vallive sono rispettivamente la Val de la Mare a nord e la Val del Monte a est.\nLa valle conta poco pi\u00f9 di 1.900 abitanti, tutti residenti nel comune di Peio. Il capoluogo (sede del Comune) \u00e8 Cogolo, altre frazioni della valle sono: Celledizzo, Celentino, Comasine, Peio Paese, cui si aggiungono le localit\u00e0 di Peio Fonti e Strombiano.\n<strong>Nel cuore del Parco Nazionale dello Stelvio<\/strong> la Val di Pejo offre ai propri ospiti una vacanza rilassante ed affascinante in un\u2019oasi naturale in cui l\u2019ospitalit\u00e0 \u00e8 di casa.\nTrekking, nordic walking, mountain bike, rafting, passeggiate ed escursioni, sci alpino, sci da fondo, scialpinismo, snowboard, passeggiate con le racchette da neve rappresentano soltanto alcune delle tante attivit\u00e0 da praticare in valle!<br\/>\n\n<a href=\"https:\/\/www.visitvaldisole.it\/it\" target=\"_blank\" rel=\"noopener\"><span style=\"color:#ef7d00; text-decoration:underline;\">Vai al sito &#8222;Val di Sole&#8220;<\/span><\/a>\n                                                  <\/div>\n                                                <\/div>\n                                            <\/div>\n                                        <\/div>\n\n\n\n\n\n\n\n\n\t\t\t\t\n                    <\/div>\n\n\n\n\n\t\t\t\t<\/div>\n\t\t\t\t<\/div>\n\t\t\t\t\t<\/div>\n\t\t<\/div>\n\t\t\t\t\t\t\t<\/div>\n\t\t<\/section>\n\t\t\t\t<section class=\"elementor-section elementor-inner-section elementor-element elementor-element-6e4e391 elementor-section-boxed elementor-section-height-default elementor-section-height-default\" data-id=\"6e4e391\" data-element_type=\"section\">\n\t\t\t\t\t\t<div class=\"elementor-container elementor-column-gap-default\">\n\t\t\t\t\t<div class=\"elementor-column elementor-col-100 elementor-inner-column elementor-element elementor-element-6a19a1b\" data-id=\"6a19a1b\" data-element_type=\"column\">\n\t\t\t<div class=\"elementor-widget-wrap elementor-element-populated\">\n\t\t\t\t\t\t\t\t<div class=\"elementor-element elementor-element-a13dd54 elementor-cta--layout-image-left elementor-cta--valign-middle e-transform e-transform elementor-cta--mobile-layout-image-above elementor-cta--skin-classic elementor-animated-content elementor-bg-transform elementor-bg-transform-zoom-in elementor-widget elementor-widget-call-to-action\" data-id=\"a13dd54\" data-element_type=\"widget\" data-settings=\"{&quot;_animation&quot;:&quot;none&quot;,&quot;_transform_translateX_effect&quot;:{&quot;unit&quot;:&quot;px&quot;,&quot;size&quot;:&quot;&quot;,&quot;sizes&quot;:[]},&quot;_transform_translateX_effect_tablet&quot;:{&quot;unit&quot;:&quot;px&quot;,&quot;size&quot;:&quot;&quot;,&quot;sizes&quot;:[]},&quot;_transform_translateX_effect_mobile&quot;:{&quot;unit&quot;:&quot;px&quot;,&quot;size&quot;:&quot;&quot;,&quot;sizes&quot;:[]},&quot;_transform_translateY_effect&quot;:{&quot;unit&quot;:&quot;px&quot;,&quot;size&quot;:&quot;&quot;,&quot;sizes&quot;:[]},&quot;_transform_translateY_effect_tablet&quot;:{&quot;unit&quot;:&quot;px&quot;,&quot;size&quot;:&quot;&quot;,&quot;sizes&quot;:[]},&quot;_transform_translateY_effect_mobile&quot;:{&quot;unit&quot;:&quot;px&quot;,&quot;size&quot;:&quot;&quot;,&quot;sizes&quot;:[]},&quot;_transform_scale_effect&quot;:{&quot;unit&quot;:&quot;px&quot;,&quot;size&quot;:&quot;&quot;,&quot;sizes&quot;:[]},&quot;_transform_scale_effect_tablet&quot;:{&quot;unit&quot;:&quot;px&quot;,&quot;size&quot;:&quot;&quot;,&quot;sizes&quot;:[]},&quot;_transform_scale_effect_mobile&quot;:{&quot;unit&quot;:&quot;px&quot;,&quot;size&quot;:&quot;&quot;,&quot;sizes&quot;:[]}}\" data-widget_type=\"call-to-action.default\">\n\t\t\t\t<div class=\"elementor-widget-container\">\n\t\t\t\t\t<div class=\"elementor-cta\">\n\t\t\t\t\t<div class=\"elementor-cta__bg-wrapper\">\n\t\t\t\t<div class=\"elementor-cta__bg elementor-bg\" style=\"background-image: url(https:\/\/vacanzeinbaita.paissangroup.com\/wp-content\/uploads\/elementor\/thumbs\/valle-di-ledro-q1ex03t7bpvhp0w4e4m6s4sr9p7dy9n118nxqcdk5c.jpg);\"><\/div>\n\t\t\t\t<div class=\"elementor-cta__bg-overlay\"><\/div>\n\t\t\t<\/div>\n\t\t\t\t\t\t\t<div class=\"elementor-cta__content\">\n\t\t\t\t\n\t\t\t\t<h2 class=\"elementor-cta__title elementor-cta__content-item elementor-content-item\">Valli Giudicarie e Valle di Ledro<\/h2>\n\t\t\t\t\t\t\t\t\t<div class=\"elementor-cta__description elementor-cta__content-item elementor-content-item\">\n\t\t\t\t\t\t<p style=\"text-align:justify; line-height:22px; \"> <b>VALLE DI LEDRO:<\/b> Es ist bekannt f\u00fcr seinen See \u2013 einen der klarsten und saubersten Seen im Trentino \u2013 und f\u00fcr die Stelzenh\u00e4user (Museum) wurden bereits 1929 gefunden. Valle di Ledro ist eine einzige Gemeinde mit 15 Weilern (D\u00f6rfern) und liegt eingebettet unter den Bergen, etwa 15 km vom Gardasee entfernt. Ausfl\u00fcge zu Fu\u00df und\/oder mit dem Mountainbike sind Aktivit\u00e4ten, die m\u00f6glich sind ge\u00fcbt werden. Sehensw\u00fcrdigkeiten: Ledrosee, Ampolasee, Panoramastra\u00dfe Ponale (Rad-\/Fu\u00dfweg nach Riva del Garda), Wasserfall Gorg d'Abiss, Val Concei, Almen usw. <br\/><br\/>\n\n<b>GIUDICARIE-TAL:<\/b>\nIm westlichen Trentino, zwischen dem Ledrosee und dem Gardasee sowie dem Adamello-Brenta-Gebirge, liegen die Giudicarie-T\u00e4ler, die reich an Geschichte und unber\u00fchrter Natur sind. Die Hauptattraktionen sind Madonna di Campiglio, Pinzolo und Terme di Comano; Idrosee, Naturpark Adamello Brenta. Sowohl der Gardasee als auch die Provinzhauptstadt Trient und das Valle di Sole sind leicht zu erreichen. Die nat\u00fcrliche Umgebung ist reich an W\u00e4ldern und gr\u00fcnen Wiesen sowie Ausflugsrouten mit Wegen, die bis zu den Berggipfeln f\u00fchren, die einen Panoramablick bieten. atemberaubender Blick auf das Tal. Im Winter sind alle Schnee- oder Eissportarten garantiert.\n<\/p>\t\t\t\t\t<\/div>\n\t\t\t\t\n\t\t\t\t\t\t\t\t\t<div class=\"elementor-cta__button-wrapper elementor-cta__content-item elementor-content-item \">\n\t\t\t\t\t<a class=\"elementor-cta__button elementor-button elementor-size-xs\" href=\"https:\/\/www.vacanzeinbaita.com\/valli-giudicarie-e-valle-di-ledro\">\n\t\t\t\t\t\tsiehe H\u00fctten\t\t\t\t\t<\/a>\n\t\t\t\t\t<\/div>\n\t\t\t\t\t\t\t<\/div>\n\t\t\t\t\t\t\t<div class=\"elementor-ribbon elementor-ribbon-left\">\n\t\t\t\t<div class=\"elementor-ribbon-inner\">4 H\u00fctten<\/div>\n\t\t\t<\/div>\n\t\t\t\t<\/div>\n\t\t\t\t<\/div>\n\t\t\t\t<\/div>\n\t\t\t\t\t<\/div>\n\t\t<\/div>\n\t\t\t\t\t\t\t<\/div>\n\t\t<\/section>\n\t\t\t\t\t<\/div>\n\t\t<\/div>\n\t\t\t\t\t\t\t<\/div>\n\t\t<\/section>\n\t\t\t\t\t\t\t<\/div>\n\t\t","protected":false},"excerpt":{"rendered":"<p>Vacanze in Baita Erleben Sie das fantastische Erlebnis eines Urlaubs in einer H\u00fctte mitten im Wald zwischen den fantastischen Dolomitengipfeln des Trentino und genie\u00dfen Sie das Gef\u00fchl eines Urlaubs im Kontakt mit der unber\u00fchrten Natur: Trekking in den Bergen, Spazierg\u00e4nge im Wald, Ausfl\u00fcge mit dem Mountainbike, \u2026 auch Wintersport, Besuche malerischer mittelalterlicher Burgen oder die &#8230;<\/p>\n","protected":false},"author":2,"featured_media":0,"parent":0,"menu_order":0,"comment_status":"closed","ping_status":"closed","template":"","meta":{"_acf_changed":false,"inline_featured_image":false,"footnotes":""},"class_list":["post-52447","page","type-page","status-publish","hentry"],"acf":[],"yoast_head":"<!-- This site is optimized with the Yoast SEO plugin v21.9.1 - https:\/\/yoast.com\/wordpress\/plugins\/seo\/ -->\n<title>Touristische Gebiete - Vacanze in Baita<\/title>\n<meta name=\"robots\" content=\"noindex, follow, max-snippet:-1, max-image-preview:large, max-video-preview:-1\" \/>\n<meta property=\"og:locale\" content=\"de_DE\" \/>\n<meta property=\"og:type\" content=\"article\" \/>\n<meta property=\"og:title\" content=\"Touristische Gebiete - Vacanze in Baita\" \/>\n<meta property=\"og:description\" content=\"Vacanze in Baita Erleben Sie das fantastische Erlebnis eines Urlaubs in einer H\u00fctte mitten im Wald zwischen den fantastischen Dolomitengipfeln des Trentino und genie\u00dfen Sie das Gef\u00fchl eines Urlaubs im Kontakt mit der unber\u00fchrten Natur: Trekking in den Bergen, Spazierg\u00e4nge im Wald, Ausfl\u00fcge mit dem Mountainbike, \u2026 auch Wintersport, Besuche malerischer mittelalterlicher Burgen oder die ...\" \/>\n<meta property=\"og:url\" content=\"https:\/\/vacanzeinbaita.paissangroup.com\/de\/touristische-gebiete\/\" \/>\n<meta property=\"og:site_name\" content=\"Vacanze in Baita\" \/>\n<meta property=\"article:publisher\" content=\"https:\/\/www.facebook.com\/people\/Vacanze-in-Baita\/100064500943516\/\" \/>\n<meta property=\"article:modified_time\" content=\"2024-02-05T11:11:35+00:00\" \/>\n<meta name=\"twitter:card\" content=\"summary_large_image\" \/>\n<meta name=\"twitter:label1\" content=\"Gesch\u00e4tzte Lesezeit\" \/>\n\t<meta name=\"twitter:data1\" content=\"8\u00a0Minuten\" \/>\n<script type=\"application\/ld+json\" class=\"yoast-schema-graph\">{\"@context\":\"https:\/\/schema.org\",\"@graph\":[{\"@type\":\"WebPage\",\"@id\":\"https:\/\/vacanzeinbaita.paissangroup.com\/de\/touristische-gebiete\/\",\"url\":\"https:\/\/vacanzeinbaita.paissangroup.com\/de\/touristische-gebiete\/\",\"name\":\"Touristische Gebiete - Vacanze in Baita\",\"isPartOf\":{\"@id\":\"https:\/\/vacanzeinbaita.paissangroup.com\/#website\"},\"datePublished\":\"2023-02-14T11:00:47+00:00\",\"dateModified\":\"2024-02-05T11:11:35+00:00\",\"breadcrumb\":{\"@id\":\"https:\/\/vacanzeinbaita.paissangroup.com\/de\/touristische-gebiete\/#breadcrumb\"},\"inLanguage\":\"de\",\"potentialAction\":[{\"@type\":\"ReadAction\",\"target\":[\"https:\/\/vacanzeinbaita.paissangroup.com\/de\/touristische-gebiete\/\"]}]},{\"@type\":\"BreadcrumbList\",\"@id\":\"https:\/\/vacanzeinbaita.paissangroup.com\/de\/touristische-gebiete\/#breadcrumb\",\"itemListElement\":[{\"@type\":\"ListItem\",\"position\":1,\"name\":\"Home\",\"item\":\"https:\/\/vacanzeinbaita.paissangroup.com\/de\/\"},{\"@type\":\"ListItem\",\"position\":2,\"name\":\"Touristische Gebiete\"}]},{\"@type\":\"WebSite\",\"@id\":\"https:\/\/vacanzeinbaita.paissangroup.com\/#website\",\"url\":\"https:\/\/vacanzeinbaita.paissangroup.com\/\",\"name\":\"Vacanze in Baita\",\"description\":\"Sito di prenotazione Baite in Trentino\",\"publisher\":{\"@id\":\"https:\/\/vacanzeinbaita.paissangroup.com\/#organization\"},\"potentialAction\":[{\"@type\":\"SearchAction\",\"target\":{\"@type\":\"EntryPoint\",\"urlTemplate\":\"https:\/\/vacanzeinbaita.paissangroup.com\/?s={search_term_string}\"},\"query-input\":\"required name=search_term_string\"}],\"inLanguage\":\"de\"},{\"@type\":\"Organization\",\"@id\":\"https:\/\/vacanzeinbaita.paissangroup.com\/#organization\",\"name\":\"Vacanze in Baita\",\"url\":\"https:\/\/vacanzeinbaita.paissangroup.com\/\",\"logo\":{\"@type\":\"ImageObject\",\"inLanguage\":\"de\",\"@id\":\"https:\/\/vacanzeinbaita.paissangroup.com\/#\/schema\/logo\/image\/\",\"url\":\"https:\/\/vacanzeinbaita.paissangroup.com\/wp-content\/uploads\/2023\/01\/vacanze_in_baita_lg.svg\",\"contentUrl\":\"https:\/\/vacanzeinbaita.paissangroup.com\/wp-content\/uploads\/2023\/01\/vacanze_in_baita_lg.svg\",\"width\":224,\"height\":64,\"caption\":\"Vacanze in Baita\"},\"image\":{\"@id\":\"https:\/\/vacanzeinbaita.paissangroup.com\/#\/schema\/logo\/image\/\"},\"sameAs\":[\"https:\/\/www.facebook.com\/people\/Vacanze-in-Baita\/100064500943516\/\",\"https:\/\/www.instagram.com\/vacanzeinbaita\/\",\"https:\/\/www.youtube.com\/@vacanzeinbaita7595\"]}]}<\/script>\n<!-- \/ Yoast SEO plugin. -->","yoast_head_json":{"title":"Touristische Gebiete - Vacanze in Baita","robots":{"index":"noindex","follow":"follow","max-snippet":"max-snippet:-1","max-image-preview":"max-image-preview:large","max-video-preview":"max-video-preview:-1"},"og_locale":"de_DE","og_type":"article","og_title":"Touristische Gebiete - Vacanze in Baita","og_description":"Vacanze in Baita Erleben Sie das fantastische Erlebnis eines Urlaubs in einer H\u00fctte mitten im Wald zwischen den fantastischen Dolomitengipfeln des Trentino und genie\u00dfen Sie das Gef\u00fchl eines Urlaubs im Kontakt mit der unber\u00fchrten Natur: Trekking in den Bergen, Spazierg\u00e4nge im Wald, Ausfl\u00fcge mit dem Mountainbike, \u2026 auch Wintersport, Besuche malerischer mittelalterlicher Burgen oder die ...","og_url":"https:\/\/vacanzeinbaita.paissangroup.com\/de\/touristische-gebiete\/","og_site_name":"Vacanze in Baita","article_publisher":"https:\/\/www.facebook.com\/people\/Vacanze-in-Baita\/100064500943516\/","article_modified_time":"2024-02-05T11:11:35+00:00","twitter_card":"summary_large_image","twitter_misc":{"Gesch\u00e4tzte Lesezeit":"8\u00a0Minuten"},"schema":{"@context":"https:\/\/schema.org","@graph":[{"@type":"WebPage","@id":"https:\/\/vacanzeinbaita.paissangroup.com\/de\/touristische-gebiete\/","url":"https:\/\/vacanzeinbaita.paissangroup.com\/de\/touristische-gebiete\/","name":"Touristische Gebiete - Vacanze in Baita","isPartOf":{"@id":"https:\/\/vacanzeinbaita.paissangroup.com\/#website"},"datePublished":"2023-02-14T11:00:47+00:00","dateModified":"2024-02-05T11:11:35+00:00","breadcrumb":{"@id":"https:\/\/vacanzeinbaita.paissangroup.com\/de\/touristische-gebiete\/#breadcrumb"},"inLanguage":"de","potentialAction":[{"@type":"ReadAction","target":["https:\/\/vacanzeinbaita.paissangroup.com\/de\/touristische-gebiete\/"]}]},{"@type":"BreadcrumbList","@id":"https:\/\/vacanzeinbaita.paissangroup.com\/de\/touristische-gebiete\/#breadcrumb","itemListElement":[{"@type":"ListItem","position":1,"name":"Home","item":"https:\/\/vacanzeinbaita.paissangroup.com\/de\/"},{"@type":"ListItem","position":2,"name":"Touristische Gebiete"}]},{"@type":"WebSite","@id":"https:\/\/vacanzeinbaita.paissangroup.com\/#website","url":"https:\/\/vacanzeinbaita.paissangroup.com\/","name":"Vacanze in Baita","description":"Sito di prenotazione Baite in Trentino","publisher":{"@id":"https:\/\/vacanzeinbaita.paissangroup.com\/#organization"},"potentialAction":[{"@type":"SearchAction","target":{"@type":"EntryPoint","urlTemplate":"https:\/\/vacanzeinbaita.paissangroup.com\/?s={search_term_string}"},"query-input":"required name=search_term_string"}],"inLanguage":"de"},{"@type":"Organization","@id":"https:\/\/vacanzeinbaita.paissangroup.com\/#organization","name":"Vacanze in Baita","url":"https:\/\/vacanzeinbaita.paissangroup.com\/","logo":{"@type":"ImageObject","inLanguage":"de","@id":"https:\/\/vacanzeinbaita.paissangroup.com\/#\/schema\/logo\/image\/","url":"https:\/\/vacanzeinbaita.paissangroup.com\/wp-content\/uploads\/2023\/01\/vacanze_in_baita_lg.svg","contentUrl":"https:\/\/vacanzeinbaita.paissangroup.com\/wp-content\/uploads\/2023\/01\/vacanze_in_baita_lg.svg","width":224,"height":64,"caption":"Vacanze in Baita"},"image":{"@id":"https:\/\/vacanzeinbaita.paissangroup.com\/#\/schema\/logo\/image\/"},"sameAs":["https:\/\/www.facebook.com\/people\/Vacanze-in-Baita\/100064500943516\/","https:\/\/www.instagram.com\/vacanzeinbaita\/","https:\/\/www.youtube.com\/@vacanzeinbaita7595"]}]}},"_links":{"self":[{"href":"https:\/\/vacanzeinbaita.paissangroup.com\/de\/wp-json\/wp\/v2\/pages\/52447","targetHints":{"allow":["GET"]}}],"collection":[{"href":"https:\/\/vacanzeinbaita.paissangroup.com\/de\/wp-json\/wp\/v2\/pages"}],"about":[{"href":"https:\/\/vacanzeinbaita.paissangroup.com\/de\/wp-json\/wp\/v2\/types\/page"}],"author":[{"embeddable":true,"href":"https:\/\/vacanzeinbaita.paissangroup.com\/de\/wp-json\/wp\/v2\/users\/2"}],"replies":[{"embeddable":true,"href":"https:\/\/vacanzeinbaita.paissangroup.com\/de\/wp-json\/wp\/v2\/comments?post=52447"}],"version-history":[{"count":23,"href":"https:\/\/vacanzeinbaita.paissangroup.com\/de\/wp-json\/wp\/v2\/pages\/52447\/revisions"}],"predecessor-version":[{"id":52889,"href":"https:\/\/vacanzeinbaita.paissangroup.com\/de\/wp-json\/wp\/v2\/pages\/52447\/revisions\/52889"}],"wp:attachment":[{"href":"https:\/\/vacanzeinbaita.paissangroup.com\/de\/wp-json\/wp\/v2\/media?parent=52447"}],"curies":[{"name":"wp","href":"https:\/\/api.w.org\/{rel}","templated":true}]}}